













{"id":39,"date":"2016-04-19T05:41:36","date_gmt":"2016-04-19T03:41:36","guid":{"rendered":"https:\/\/www.pg-glasbau.at\/wp\/?page_id=39"},"modified":"2017-01-11T12:08:05","modified_gmt":"2017-01-11T11:08:05","slug":"leistungen","status":"publish","type":"page","link":"https:\/\/www.pg-glasbau.at\/wp\/leistungen\/","title":{"rendered":"Leistungen"},"content":{"rendered":"<div id=\"metaslider-id-187\" style=\"width: 100%;\" class=\"ml-slider-3-108-0 ml-slider-pro-2-56-0 metaslider metaslider-flex metaslider-187 ml-slider ms-theme-default nav-hidden\" role=\"region\" aria-label=\"Neue Diashow\" data-height=\"600\" data-width=\"2400\">\n    <div id=\"metaslider_container_187\">\n        <div id=\"metaslider_187\">\n            <ul class='slides'>\n                <li style=\"display: block; width: 100%;\" class=\"slide-188 ms-image \" aria-roledescription=\"slide\" data-date=\"2016-04-21 14:08:38\" data-filename=\"iStock_000009169533_Double.jpg\" data-slide-type=\"image\"><img loading=\"lazy\" decoding=\"async\" src=\"https:\/\/www.pg-glasbau.at\/wp\/wp-content\/uploads\/iStock_000009169533_Double.jpg\" height=\"600\" width=\"2400\" alt=\"\" class=\"slider-187 slide-188 msDefaultImage\" \/><\/li>\n                <li style=\"display: none; width: 100%;\" class=\"slide-194 ms-image \" aria-roledescription=\"slide\" data-date=\"2016-04-21 14:12:19\" data-filename=\"iStock_000014122513_Large.jpg\" data-slide-type=\"image\"><img loading=\"lazy\" decoding=\"async\" src=\"https:\/\/www.pg-glasbau.at\/wp\/wp-content\/uploads\/iStock_000014122513_Large.jpg\" height=\"600\" width=\"2400\" alt=\"\" class=\"slider-187 slide-194 msDefaultImage\" \/><\/li>\n                <li style=\"display: none; width: 100%;\" class=\"slide-193 ms-image \" aria-roledescription=\"slide\" data-date=\"2016-04-21 14:12:17\" data-filename=\"gl.jpg\" data-slide-type=\"image\"><img loading=\"lazy\" decoding=\"async\" src=\"https:\/\/www.pg-glasbau.at\/wp\/wp-content\/uploads\/gl.jpg\" height=\"600\" width=\"2400\" alt=\"\" class=\"slider-187 slide-193 msDefaultImage\" \/><\/li>\n                <li style=\"display: none; width: 100%;\" class=\"slide-195 ms-image \" aria-roledescription=\"slide\" data-date=\"2016-04-21 14:12:21\" data-filename=\"iStock_000081201295_Large.jpg\" data-slide-type=\"image\"><img loading=\"lazy\" decoding=\"async\" src=\"https:\/\/www.pg-glasbau.at\/wp\/wp-content\/uploads\/iStock_000081201295_Large.jpg\" height=\"600\" width=\"2400\" alt=\"\" class=\"slider-187 slide-195 msDefaultImage\" \/><\/li>\n                <li style=\"display: none; width: 100%;\" class=\"slide-198 ms-image \" aria-roledescription=\"slide\" data-date=\"2016-04-21 14:13:42\" data-filename=\"iStock_000072552361_Large.jpg\" data-slide-type=\"image\"><img loading=\"lazy\" decoding=\"async\" src=\"https:\/\/www.pg-glasbau.at\/wp\/wp-content\/uploads\/iStock_000072552361_Large.jpg\" height=\"600\" width=\"2400\" alt=\"\" class=\"slider-187 slide-198 msDefaultImage\" \/><\/li>\n                <li style=\"display: none; width: 100%;\" class=\"slide-192 ms-image \" aria-roledescription=\"slide\" data-date=\"2016-04-21 14:09:28\" data-filename=\"iStock_000074964475_Large.jpg\" data-slide-type=\"image\"><img loading=\"lazy\" decoding=\"async\" src=\"https:\/\/www.pg-glasbau.at\/wp\/wp-content\/uploads\/iStock_000074964475_Large.jpg\" height=\"600\" width=\"2400\" alt=\"\" class=\"slider-187 slide-192 msDefaultImage\" \/><\/li>\n                <li style=\"display: none; width: 100%;\" class=\"slide-191 ms-image \" aria-roledescription=\"slide\" data-date=\"2016-04-21 14:08:58\" data-filename=\"iStock_000044211448_Large.jpg\" data-slide-type=\"image\"><img loading=\"lazy\" decoding=\"async\" src=\"https:\/\/www.pg-glasbau.at\/wp\/wp-content\/uploads\/iStock_000044211448_Large.jpg\" height=\"600\" width=\"2400\" alt=\"\" class=\"slider-187 slide-191 msDefaultImage\" \/><\/li>\n                <li style=\"display: none; width: 100%;\" class=\"slide-197 ms-image \" aria-roledescription=\"slide\" data-date=\"2016-04-21 14:13:41\" data-filename=\"iStock_000042128600_XXXLarge-1.jpg\" data-slide-type=\"image\"><img loading=\"lazy\" decoding=\"async\" src=\"https:\/\/www.pg-glasbau.at\/wp\/wp-content\/uploads\/iStock_000042128600_XXXLarge-1.jpg\" height=\"600\" width=\"2400\" alt=\"\" class=\"slider-187 slide-197 msDefaultImage\" \/><\/li>\n            <\/ul>\n        <\/div>\n        \n    <\/div>\n<\/div>\n<div class='conblock con-default  clearfix' style=''><div class='conblock-inner'>\n<h2>PG Glasbau GmbH &#8211; Leistungen<\/h2>\n<h3>Au\u00dfen- und Innenverglasungen von Ihrer Glaserei aus dem Bezirk Grieskirchen<\/h3>\n<div class=\"eds-animate edsanimate-sis-hidden \" data-eds-entry-animation=\"fadeInUp\" data-eds-entry-delay=\"0\" data-eds-entry-duration=\"1.5\" data-eds-entry-timing=\"linear\" data-eds-exit-animation=\"\" data-eds-exit-delay=\"\" data-eds-exit-duration=\"\" data-eds-exit-timing=\"\" data-eds-repeat-count=\"1\" data-eds-keep=\"yes\" data-eds-animate-on=\"scroll\" data-eds-scroll-offset=\"50\">\n<div class='cols4 cols  nomargin  clearfix'>\n<div class='col colspan '>\n<p><img loading=\"lazy\" decoding=\"async\" class=\"alignnone wp-image-373 size-full\" src=\"https:\/\/www.pg-glasbau.at\/wp\/wp-content\/uploads\/Reparaturverglasung-1.jpg\" width=\"1000\" height=\"667\" \/><\/p>\n<p style=\"text-align: center;\"><a class=\"button\" href=\"https:\/\/www.pg-glasbau.at\/wp\/leistungen\/reparaturverglasungen\/\">Reparaturverglasungen<\/a><\/p>\n<\/div>\n<div class='col colspan '>\n<p><img loading=\"lazy\" decoding=\"async\" class=\"alignnone wp-image-374 size-full\" src=\"https:\/\/www.pg-glasbau.at\/wp\/wp-content\/uploads\/B\u00fcrotrennw\u00e4nde-2.jpg\" width=\"1000\" height=\"667\" \/><\/p>\n<p style=\"text-align: center;\"><a class=\"button\" href=\"https:\/\/www.pg-glasbau.at\/leistungen\/nurglasanlagen\/\">Nurglasanlagen<\/a><\/p>\n<\/div>\n<div class='col colspan '>\n<p><img loading=\"lazy\" decoding=\"async\" class=\"alignnone wp-image-356 size-full\" src=\"https:\/\/www.pg-glasbau.at\/wp\/wp-content\/uploads\/Glasvordach-Kopie.jpg\" width=\"1000\" height=\"667\" \/><\/p>\n<p style=\"text-align: center;\"><a class=\"button\" href=\"https:\/\/www.pg-glasbau.at\/wp\/leistungen\/bauverglasungen\/\">Bauverglasungen<\/a><\/p>\n<\/div>\n<div class='col colspan last'>\n<p><img loading=\"lazy\" decoding=\"async\" class=\"alignnone wp-image-351 size-full\" src=\"https:\/\/www.pg-glasbau.at\/wp\/wp-content\/uploads\/Glasbalkon-1-Kopie.jpg\" width=\"1000\" height=\"667\" \/><\/p>\n<p style=\"text-align: center;\"><a class=\"button\" href=\"https:\/\/www.pg-glasbau.at\/wp\/leistungen\/glasbruestung-gelaender\/\">Glasbr\u00fcstung &amp; Gel\u00e4nder<\/a><\/p>\n<\/div>\n<\/div>\n<div class='cols4 cols  nomargin  clearfix'>\n<div class='col colspan '>\n<p><img loading=\"lazy\" decoding=\"async\" class=\"alignnone wp-image-370 size-full\" src=\"https:\/\/www.pg-glasbau.at\/wp\/wp-content\/uploads\/Wintergarten-mit-SchalosieBV-Genb\u00f6ck-014-1.jpg\" width=\"1000\" height=\"667\" \/><\/p>\n<p style=\"text-align: center;\"><a class=\"button\" href=\"https:\/\/www.pg-glasbau.at\/wp\/leistungen\/wintergaerten\/\">Winterg\u00e4rten<\/a><\/p>\n<\/div>\n<div class='col colspan '>\n<p><img loading=\"lazy\" decoding=\"async\" class=\"alignnone wp-image-378 size-full\" src=\"https:\/\/www.pg-glasbau.at\/wp\/wp-content\/uploads\/Dusche-bedrucktes-Glas-2-1.jpg\" width=\"1000\" height=\"667\" \/><\/p>\n<p style=\"text-align: center;\"><a class=\"button\" href=\"https:\/\/www.pg-glasbau.at\/wp\/leistungen\/glasrueckwaende\/\">Glasr\u00fcckw\u00e4nde<\/a><\/p>\n<\/div>\n<div class='col colspan '>\n<p><img loading=\"lazy\" decoding=\"async\" class=\"alignnone wp-image-375 size-full\" src=\"https:\/\/www.pg-glasbau.at\/wp\/wp-content\/uploads\/Spiegel-1.jpg\" width=\"1000\" height=\"667\" \/><\/p>\n<p style=\"text-align: center;\"><a class=\"button\" href=\"https:\/\/www.pg-glasbau.at\/wp\/leistungen\/spiegelanfertigung\/\">Spiegelanfertigung<\/a><\/p>\n<\/div>\n<div class='col colspan last'>\n<p><img loading=\"lazy\" decoding=\"async\" class=\"alignnone wp-image-376 size-full\" src=\"https:\/\/www.pg-glasbau.at\/wp\/wp-content\/uploads\/Nurglast\u00fcrl-mit-Kustverglasung-1.jpg\" width=\"1000\" height=\"667\" \/><\/p>\n<p style=\"text-align: center;\"><a class=\"button\" href=\"https:\/\/www.pg-glasbau.at\/wp\/leistungen\/kunstverglasungen\/\">Kunstverglasungen<\/a><\/p>\n<\/div>\n<\/div>\n<\/div>\n<div class='colorline'><\/div>\n<div class='cols3 cols  nomargin  clearfix'>\n<div class='col colspan2 '>\n<div class=\"eds-animate edsanimate-sis-hidden \" data-eds-entry-animation=\"fadeInLeft\" data-eds-entry-delay=\"0\" data-eds-entry-duration=\"1.5\" data-eds-entry-timing=\"linear\" data-eds-exit-animation=\"\" data-eds-exit-delay=\"\" data-eds-exit-duration=\"\" data-eds-exit-timing=\"\" data-eds-repeat-count=\"1\" data-eds-keep=\"yes\" data-eds-animate-on=\"scroll\" data-eds-scroll-offset=\"50\">\n<h3>Wir lassen Sie mit Ihren W\u00fcnschen nicht im Stich<\/h3>\n<p>Unsere Au\u00dfen- und Innenverglasungen verbinden Design und Funktionalit\u00e4t. Glas liefert unendlich viele Gestaltungsm\u00f6glichkeiten f\u00fcr den Au\u00dfen- und Innenbereich. Ob klar oder f\u00e4rbig, transparent oder matt &#8211; Glas setzt Akzente und W\u00fcnsche in Gestalt und Funktion um und ist lichtdurchl\u00e4ssig, pflegeleicht und zeitlos elegant.<\/p>\n<p>Glas erfreut sich hoher Beliebtheit &#8211; vor allem wegen seiner Witterungsbest\u00e4ndigkeit und Langlebigkeit.<\/p>\n<h3>Glas im Innenbereich<\/h3>\n<p>Unterschiedlichste M\u00f6glichkeiten stehen bei Innenverglasungen zur Verf\u00fcgung &#8211; f\u00fcr Badezimmer, M\u00f6bel, Spiegel, Stiegen und Gel\u00e4nder, f\u00fcr lichtdurchflutete R\u00e4ume oder T\u00fcren mit Durchblick. Den Anwendungsbereichen sind fast keine Grenzen gesetzt.<\/p>\n<p>Glas ist individuell gestaltbar und langlebig. Gezielt eingesetzt sch\u00fctzt es auch vor Feuer, h\u00e4lt L\u00e4rm fern, sch\u00fctzt als Gel\u00e4nder, transportiert Licht &#8211; oder ist einfach nur sch\u00f6n.<\/p>\n<h3>Glas im Au\u00dfenbereich<\/h3>\n<p>Dem Einsatzbereich von Glas im Au\u00dfenbereich sind kaum Grenzen gesetzt \u2013 voll im Trend als Verbindung zwischen Haus und Garten als Sommergarten, f\u00fcr Fassaden als W\u00e4rmeschutz, Sonnenschutz, zur Schalld\u00e4mmung und\/oder Einbruchhemmung. Gerne auch als Dach, damit der Himmel sichtbar bleibt oder f\u00fcr Balkonverglasungen und Eingangsportale.<\/p>\n<p>Tauschen Sie Ihr altes Glas bei Fenstern durch W\u00e4rmed\u00e4mmisolierglas und behalten Sie die Fensterrahmen. Was daf\u00fcr spricht? Geringere Heizkosten, reduzierte CO2-Emissionen und K\u00e4lteabstrahlung sowie weniger Kondensat.<\/p>\n<p><strong><span class=\"color\">Vertrauen Sie auf unsere Erfahrung &#8211; Ihr Meisterbetrieb aus Taufkirchen an der Trattnach!<\/span><\/strong><\/p>\n<\/div>\n<\/div>\n<div class='col colspan last'>\n<h4>\u00a0<\/h4>\n<p><a href=\"https:\/\/www.pg-glasbau.at\/wp\/wp-content\/uploads\/Terassen\u00fcbertachung1-1-Kopie.jpg\"><img loading=\"lazy\" decoding=\"async\" class=\"alignnone wp-image-361 size-full\" src=\"https:\/\/www.pg-glasbau.at\/wp\/wp-content\/uploads\/Terassen\u00fcbertachung1-1-Kopie.jpg\" width=\"1000\" height=\"667\" \/><\/a> <a href=\"https:\/\/www.pg-glasbau.at\/wp\/wp-content\/uploads\/Glasgel\u00e4nder-4-Kopie.jpg\"><img loading=\"lazy\" decoding=\"async\" class=\"alignnone wp-image-354 size-full\" src=\"https:\/\/www.pg-glasbau.at\/wp\/wp-content\/uploads\/Glasgel\u00e4nder-4-Kopie.jpg\" width=\"1000\" height=\"667\" \/><\/a><a href=\"https:\/\/www.pg-glasbau.at\/wp\/wp-content\/uploads\/Dusche-1-2.jpg\"><img loading=\"lazy\" decoding=\"async\" class=\"alignnone wp-image-337 size-full\" src=\"https:\/\/www.pg-glasbau.at\/wp\/wp-content\/uploads\/Dusche-1-2.jpg\" width=\"1000\" height=\"667\" \/><\/a><\/p>\n<\/div>\n<\/div>\n<div class='colorline'><\/div>\n<h3>PG Glasbau GmbH aus dem Bezirk Grieskirchen \u2013 Unsere Leistungen \u00fcberzeugen.<\/h3>\n<p>F\u00fcr Fragen stehen wir Ihnen gerne zur Verf\u00fcgung\u00a0 \u2013 kontaktieren Sie uns unter der <strong>Telefonnummer +43 650 43 28 245<\/strong>\u00a0oder schicken Sie <a href=\"mailto:&#x6f;&#x66;&#x66;&#x69;&#x63;&#x65;&#x40;&#x70;&#x67;&#x2d;&#x67;&#x6c;&#x61;&#x73;&#x62;&#x61;&#x75;&#x2e;&#x61;&#x74;\">Ihre Anfrage!<\/a><\/p>\n<\/div> <\/div>","protected":false},"excerpt":{"rendered":"","protected":false},"author":2,"featured_media":0,"parent":0,"menu_order":5,"comment_status":"closed","ping_status":"closed","template":"","meta":{"footnotes":""},"class_list":["post-39","page","type-page","status-publish","hentry"],"_links":{"self":[{"href":"https:\/\/www.pg-glasbau.at\/wp\/wp-json\/wp\/v2\/pages\/39","targetHints":{"allow":["GET"]}}],"collection":[{"href":"https:\/\/www.pg-glasbau.at\/wp\/wp-json\/wp\/v2\/pages"}],"about":[{"href":"https:\/\/www.pg-glasbau.at\/wp\/wp-json\/wp\/v2\/types\/page"}],"author":[{"embeddable":true,"href":"https:\/\/www.pg-glasbau.at\/wp\/wp-json\/wp\/v2\/users\/2"}],"replies":[{"embeddable":true,"href":"https:\/\/www.pg-glasbau.at\/wp\/wp-json\/wp\/v2\/comments?post=39"}],"version-history":[{"count":25,"href":"https:\/\/www.pg-glasbau.at\/wp\/wp-json\/wp\/v2\/pages\/39\/revisions"}],"predecessor-version":[{"id":462,"href":"https:\/\/www.pg-glasbau.at\/wp\/wp-json\/wp\/v2\/pages\/39\/revisions\/462"}],"wp:attachment":[{"href":"https:\/\/www.pg-glasbau.at\/wp\/wp-json\/wp\/v2\/media?parent=39"}],"curies":[{"name":"wp","href":"https:\/\/api.w.org\/{rel}","templated":true}]}}